{"id":37,"date":"2024-10-21T13:49:15","date_gmt":"2024-10-21T11:49:15","guid":{"rendered":"https:\/\/www.gitetigwen-plonevezdufaou.com\/?page_id=37"},"modified":"2026-03-07T08:39:38","modified_gmt":"2026-03-07T07:39:38","slug":"photos","status":"publish","type":"page","link":"https:\/\/www.gitetigwen-plonevezdufaou.com\/index.php\/photos\/","title":{"rendered":"Photos g\u00eete   Ti Gwen"},"content":{"rendered":"\n<p><\/p>\n\n\n\n<figure class=\"wp-block-image\"><img loading=\"lazy\" decoding=\"async\" width=\"1024\" height=\"768\" src=\"https:\/\/www.gitetigwen-plonevezdufaou.com\/wp-content\/uploads\/2024\/10\/2021-3-5-1024x768.jpg\" alt=\"terrasse et fa\u00e7ade g\u00eete Ti Gwen \u00e0 Plon\u00e9vez du Faou\" class=\"wp-image-128\" srcset=\"https:\/\/www.gitetigwen-plonevezdufaou.com\/wp-content\/uploads\/2024\/10\/2021-3-5-1024x768.jpg 1024w, https:\/\/www.gitetigwen-plonevezdufaou.com\/wp-content\/uploads\/2024\/10\/2021-3-5-300x225.jpg 300w, https:\/\/www.gitetigwen-plonevezdufaou.com\/wp-content\/uploads\/2024\/10\/2021-3-5-768x576.jpg 768w, https:\/\/www.gitetigwen-plonevezdufaou.com\/wp-content\/uploads\/2024\/10\/2021-3-5-1536x1152.jpg 1536w, https:\/\/www.gitetigwen-plonevezdufaou.com\/wp-content\/uploads\/2024\/10\/2021-3-5-2048x1536.jpg 2048w, https:\/\/www.gitetigwen-plonevezdufaou.com\/wp-content\/uploads\/2024\/10\/2021-3-5-1568x1176.jpg 1568w\" sizes=\"auto, (max-width: 1024px) 100vw, 1024px\" \/><figcaption class=\"wp-element-caption\">la fa\u00e7ade sud et sa terrasse du g\u00eete Ti Gwen \u00e0 Plon\u00e9vez du Faou.<\/figcaption><\/figure>\n\n\n\n<div class=\"wp-block-columns is-layout-flex wp-container-core-columns-is-layout-9d6595d7 wp-block-columns-is-layout-flex\">\n<div class=\"wp-block-column is-layout-flow wp-block-column-is-layout-flow\">\n<figure class=\"wp-block-image size-large\"><img loading=\"lazy\" decoding=\"async\" width=\"1024\" height=\"616\" src=\"https:\/\/www.gitetigwen-plonevezdufaou.com\/wp-content\/uploads\/2024\/10\/20160321_125341-1024x616.jpg\" alt=\"Les 2 maisons du g\u00eete Ti Gwen \u00e0 Plon\u00e9vez du Faou\" class=\"wp-image-40\" srcset=\"https:\/\/www.gitetigwen-plonevezdufaou.com\/wp-content\/uploads\/2024\/10\/20160321_125341-1024x616.jpg 1024w, https:\/\/www.gitetigwen-plonevezdufaou.com\/wp-content\/uploads\/2024\/10\/20160321_125341-300x180.jpg 300w, https:\/\/www.gitetigwen-plonevezdufaou.com\/wp-content\/uploads\/2024\/10\/20160321_125341-768x462.jpg 768w, https:\/\/www.gitetigwen-plonevezdufaou.com\/wp-content\/uploads\/2024\/10\/20160321_125341-1536x924.jpg 1536w, https:\/\/www.gitetigwen-plonevezdufaou.com\/wp-content\/uploads\/2024\/10\/20160321_125341.jpg 2048w\" sizes=\"auto, (max-width: 1024px) 100vw, 1024px\" \/><figcaption class=\"wp-element-caption\">Les 2 maisons mitoyennes dont celle de la propri\u00e9taire du g\u00eete Ti Gwen<\/figcaption><\/figure>\n<\/div>\n\n\n\n<div class=\"wp-block-column is-layout-flow wp-block-column-is-layout-flow\">\n<figure class=\"wp-block-image size-large\"><img loading=\"lazy\" decoding=\"async\" width=\"1024\" height=\"768\" src=\"https:\/\/www.gitetigwen-plonevezdufaou.com\/wp-content\/uploads\/2024\/10\/2021-4-1024x768.jpg\" alt=\"Terrasse et meubles de jardin du g\u00eete Ti Gwen\" class=\"wp-image-43\" srcset=\"https:\/\/www.gitetigwen-plonevezdufaou.com\/wp-content\/uploads\/2024\/10\/2021-4-1024x768.jpg 1024w, https:\/\/www.gitetigwen-plonevezdufaou.com\/wp-content\/uploads\/2024\/10\/2021-4-300x225.jpg 300w, https:\/\/www.gitetigwen-plonevezdufaou.com\/wp-content\/uploads\/2024\/10\/2021-4-768x576.jpg 768w, https:\/\/www.gitetigwen-plonevezdufaou.com\/wp-content\/uploads\/2024\/10\/2021-4-1536x1152.jpg 1536w, https:\/\/www.gitetigwen-plonevezdufaou.com\/wp-content\/uploads\/2024\/10\/2021-4-2048x1536.jpg 2048w\" sizes=\"auto, (max-width: 1024px) 100vw, 1024px\" \/><figcaption class=\"wp-element-caption\">La terrasse de 35m2 avec ses meubles de jardin et barbecue du g\u00eete Ti Gwen<\/figcaption><\/figure>\n<\/div>\n<\/div>\n\n\n\n<div class=\"wp-block-group alignfull\" style=\"margin-top:0;margin-bottom:0;padding-top:var(--wp--preset--spacing--50);padding-right:var(--wp--preset--spacing--50);padding-bottom:var(--wp--preset--spacing--50);padding-left:var(--wp--preset--spacing--50)\"><div class=\"wp-block-group__inner-container is-layout-constrained wp-container-core-group-is-layout-09821321 wp-block-group-is-layout-constrained\">\n<div class=\"wp-block-columns alignwide is-layout-flex wp-container-core-columns-is-layout-3edbca9c wp-block-columns-is-layout-flex\" style=\"margin-top:0;margin-bottom:0\">\n<div class=\"wp-block-column is-layout-flow wp-block-column-is-layout-flow\">\n<div style=\"height:24px\" aria-hidden=\"true\" class=\"wp-block-spacer\"><\/div>\n\n\n\n<div style=\"height:var(--wp--preset--spacing--50)\" aria-hidden=\"true\" class=\"wp-block-spacer\"><\/div>\n\n\n\n<figure class=\"wp-block-image size-large\"><img loading=\"lazy\" decoding=\"async\" width=\"1024\" height=\"768\" src=\"https:\/\/www.gitetigwen-plonevezdufaou.com\/wp-content\/uploads\/2024\/10\/DSCN4505-1024x768.jpg\" alt=\"Le rez-de-chauss\u00e9 du g\u00eete Ti Gwen avec sa salle \u00e0 manger et salon\" class=\"wp-image-74\" srcset=\"https:\/\/www.gitetigwen-plonevezdufaou.com\/wp-content\/uploads\/2024\/10\/DSCN4505-1024x768.jpg 1024w, https:\/\/www.gitetigwen-plonevezdufaou.com\/wp-content\/uploads\/2024\/10\/DSCN4505-300x225.jpg 300w, https:\/\/www.gitetigwen-plonevezdufaou.com\/wp-content\/uploads\/2024\/10\/DSCN4505-768x576.jpg 768w, https:\/\/www.gitetigwen-plonevezdufaou.com\/wp-content\/uploads\/2024\/10\/DSCN4505-1536x1152.jpg 1536w, https:\/\/www.gitetigwen-plonevezdufaou.com\/wp-content\/uploads\/2024\/10\/DSCN4505-2048x1536.jpg 2048w\" sizes=\"auto, (max-width: 1024px) 100vw, 1024px\" \/><figcaption class=\"wp-element-caption\">Le rez-de chauss\u00e9 du g\u00eete Ti gwen avec sa table \u00e0 manger et ses canap\u00e9s.<\/figcaption><\/figure>\n<\/div>\n\n\n\n<div class=\"wp-block-column is-layout-flow wp-block-column-is-layout-flow\">\n<div style=\"height:var(--wp--preset--spacing--50)\" aria-hidden=\"true\" class=\"wp-block-spacer\"><\/div>\n\n\n\n<div style=\"height:var(--wp--preset--spacing--50)\" aria-hidden=\"true\" class=\"wp-block-spacer\"><\/div>\n\n\n\n<div style=\"height:var(--wp--preset--spacing--50)\" aria-hidden=\"true\" class=\"wp-block-spacer\"><\/div>\n<\/div>\n<\/div>\n<\/div><\/div>\n\n\n\n<div class=\"wp-block-columns is-layout-flex wp-container-core-columns-is-layout-9d6595d7 wp-block-columns-is-layout-flex\">\n<div class=\"wp-block-column is-layout-flow wp-block-column-is-layout-flow\">\n<figure class=\"wp-block-image size-large\"><img loading=\"lazy\" decoding=\"async\" width=\"616\" height=\"1024\" src=\"https:\/\/www.gitetigwen-plonevezdufaou.com\/wp-content\/uploads\/2024\/10\/20160224_100721-1-616x1024.jpg\" alt=\"la cuisine tout \u00e9quip\u00e9e\" class=\"wp-image-47\" srcset=\"https:\/\/www.gitetigwen-plonevezdufaou.com\/wp-content\/uploads\/2024\/10\/20160224_100721-1-616x1024.jpg 616w, https:\/\/www.gitetigwen-plonevezdufaou.com\/wp-content\/uploads\/2024\/10\/20160224_100721-1-180x300.jpg 180w, https:\/\/www.gitetigwen-plonevezdufaou.com\/wp-content\/uploads\/2024\/10\/20160224_100721-1-768x1277.jpg 768w, https:\/\/www.gitetigwen-plonevezdufaou.com\/wp-content\/uploads\/2024\/10\/20160224_100721-1-924x1536.jpg 924w, https:\/\/www.gitetigwen-plonevezdufaou.com\/wp-content\/uploads\/2024\/10\/20160224_100721-1-rotated.jpg 1232w\" sizes=\"auto, (max-width: 616px) 100vw, 616px\" \/><figcaption class=\"wp-element-caption\">la cuisine avec four, plaque induction, tout \u00e9quipement.<\/figcaption><\/figure>\n<\/div>\n\n\n\n<div class=\"wp-block-column is-layout-flow wp-block-column-is-layout-flow\">\n<figure class=\"wp-block-image size-large\"><img loading=\"lazy\" decoding=\"async\" width=\"768\" height=\"1024\" src=\"https:\/\/www.gitetigwen-plonevezdufaou.com\/wp-content\/uploads\/2024\/10\/20211202_102841-768x1024.jpg\" alt=\"buanderie avec machine \u00e0 laver\" class=\"wp-image-48\" srcset=\"https:\/\/www.gitetigwen-plonevezdufaou.com\/wp-content\/uploads\/2024\/10\/20211202_102841-768x1024.jpg 768w, https:\/\/www.gitetigwen-plonevezdufaou.com\/wp-content\/uploads\/2024\/10\/20211202_102841-225x300.jpg 225w, https:\/\/www.gitetigwen-plonevezdufaou.com\/wp-content\/uploads\/2024\/10\/20211202_102841-1152x1536.jpg 1152w, https:\/\/www.gitetigwen-plonevezdufaou.com\/wp-content\/uploads\/2024\/10\/20211202_102841-1536x2048.jpg 1536w, https:\/\/www.gitetigwen-plonevezdufaou.com\/wp-content\/uploads\/2024\/10\/20211202_102841-scaled.jpg 1920w\" sizes=\"auto, (max-width: 768px) 100vw, 768px\" \/><figcaption class=\"wp-element-caption\">La buanderie avec sa machine \u00e0 laver, tancarville, d\u00e9pose de sacs<\/figcaption><\/figure>\n<\/div>\n<\/div>\n\n\n\n<div class=\"wp-block-columns is-layout-flex wp-container-core-columns-is-layout-9d6595d7 wp-block-columns-is-layout-flex\">\n<div class=\"wp-block-column is-layout-flow wp-block-column-is-layout-flow\">\n<figure class=\"wp-block-image size-large\"><img loading=\"lazy\" decoding=\"async\" width=\"616\" height=\"1024\" src=\"https:\/\/www.gitetigwen-plonevezdufaou.com\/wp-content\/uploads\/2024\/10\/20160207_154219-616x1024.jpg\" alt=\"Salle de bains\" class=\"wp-image-49\" srcset=\"https:\/\/www.gitetigwen-plonevezdufaou.com\/wp-content\/uploads\/2024\/10\/20160207_154219-616x1024.jpg 616w, https:\/\/www.gitetigwen-plonevezdufaou.com\/wp-content\/uploads\/2024\/10\/20160207_154219-180x300.jpg 180w, https:\/\/www.gitetigwen-plonevezdufaou.com\/wp-content\/uploads\/2024\/10\/20160207_154219-768x1277.jpg 768w, https:\/\/www.gitetigwen-plonevezdufaou.com\/wp-content\/uploads\/2024\/10\/20160207_154219-924x1536.jpg 924w, https:\/\/www.gitetigwen-plonevezdufaou.com\/wp-content\/uploads\/2024\/10\/20160207_154219-rotated.jpg 1232w\" sizes=\"auto, (max-width: 616px) 100vw, 616px\" \/><figcaption class=\"wp-element-caption\">la salle bains avec toilette et douche<\/figcaption><\/figure>\n<\/div>\n\n\n\n<div class=\"wp-block-column is-layout-flow wp-block-column-is-layout-flow\">\n<figure class=\"wp-block-image size-large\"><img loading=\"lazy\" decoding=\"async\" width=\"592\" height=\"1024\" src=\"https:\/\/www.gitetigwen-plonevezdufaou.com\/wp-content\/uploads\/2026\/03\/20260306_112837-2-592x1024.jpg\" alt=\"Douche\" class=\"wp-image-200\" srcset=\"https:\/\/www.gitetigwen-plonevezdufaou.com\/wp-content\/uploads\/2026\/03\/20260306_112837-2-592x1024.jpg 592w, https:\/\/www.gitetigwen-plonevezdufaou.com\/wp-content\/uploads\/2026\/03\/20260306_112837-2-174x300.jpg 174w, https:\/\/www.gitetigwen-plonevezdufaou.com\/wp-content\/uploads\/2026\/03\/20260306_112837-2-768x1328.jpg 768w, https:\/\/www.gitetigwen-plonevezdufaou.com\/wp-content\/uploads\/2026\/03\/20260306_112837-2-889x1536.jpg 889w, https:\/\/www.gitetigwen-plonevezdufaou.com\/wp-content\/uploads\/2026\/03\/20260306_112837-2-1185x2048.jpg 1185w, https:\/\/www.gitetigwen-plonevezdufaou.com\/wp-content\/uploads\/2026\/03\/20260306_112837-2-1568x2711.jpg 1568w, https:\/\/www.gitetigwen-plonevezdufaou.com\/wp-content\/uploads\/2026\/03\/20260306_112837-2-scaled.jpg 1481w\" sizes=\"auto, (max-width: 592px) 100vw, 592px\" \/><figcaption class=\"wp-element-caption\">la douche d&rsquo;angle de 0,90&#215;0,90m<\/figcaption><\/figure>\n<\/div>\n<\/div>\n\n\n\n<div class=\"wp-block-columns is-layout-flex wp-container-core-columns-is-layout-9d6595d7 wp-block-columns-is-layout-flex\">\n<div class=\"wp-block-column is-layout-flow wp-block-column-is-layout-flow\">\n<figure class=\"wp-block-image size-full\"><img decoding=\"async\" src=\"https:\/\/www.gitetigwen-plonevezdufaou.com\/wp-content\/uploads\/2026\/03\/20260306_112852-1.jpg\" alt=\"Escalier pour le 1er \u00e9tage\" class=\"wp-image-204\"\/><figcaption class=\"wp-element-caption\">Escalier du premier \u00e9tage<\/figcaption><\/figure>\n<\/div>\n\n\n\n<div class=\"wp-block-column is-layout-flow wp-block-column-is-layout-flow\"><\/div>\n<\/div>\n\n\n\n<div class=\"wp-block-columns is-layout-flex wp-container-core-columns-is-layout-9d6595d7 wp-block-columns-is-layout-flex\">\n<div class=\"wp-block-column is-layout-flow wp-block-column-is-layout-flow\" style=\"flex-basis:66.66%\">\n<figure class=\"wp-block-image size-large\"><img loading=\"lazy\" decoding=\"async\" width=\"1024\" height=\"616\" src=\"https:\/\/www.gitetigwen-plonevezdufaou.com\/wp-content\/uploads\/2024\/10\/20160321_133112-1024x616.jpg\" alt=\"Chambre 1 avec lit 140x190cm\" class=\"wp-image-50\" srcset=\"https:\/\/www.gitetigwen-plonevezdufaou.com\/wp-content\/uploads\/2024\/10\/20160321_133112-1024x616.jpg 1024w, https:\/\/www.gitetigwen-plonevezdufaou.com\/wp-content\/uploads\/2024\/10\/20160321_133112-300x180.jpg 300w, https:\/\/www.gitetigwen-plonevezdufaou.com\/wp-content\/uploads\/2024\/10\/20160321_133112-768x462.jpg 768w, https:\/\/www.gitetigwen-plonevezdufaou.com\/wp-content\/uploads\/2024\/10\/20160321_133112-1536x924.jpg 1536w, https:\/\/www.gitetigwen-plonevezdufaou.com\/wp-content\/uploads\/2024\/10\/20160321_133112.jpg 2048w\" sizes=\"auto, (max-width: 1024px) 100vw, 1024px\" \/><figcaption class=\"wp-element-caption\">la chambre avec son lit de 140x190cm<\/figcaption><\/figure>\n<\/div>\n\n\n\n<div class=\"wp-block-column is-layout-flow wp-block-column-is-layout-flow\" style=\"flex-basis:33.33%\">\n<figure class=\"wp-block-image size-large is-resized\"><img loading=\"lazy\" decoding=\"async\" width=\"1024\" height=\"616\" src=\"https:\/\/www.gitetigwen-plonevezdufaou.com\/wp-content\/uploads\/2024\/10\/20160212_150510-1024x616.jpg\" alt=\"Autre vue de la chambre 1\" class=\"wp-image-51\" style=\"width:382px;height:auto\" srcset=\"https:\/\/www.gitetigwen-plonevezdufaou.com\/wp-content\/uploads\/2024\/10\/20160212_150510-1024x616.jpg 1024w, https:\/\/www.gitetigwen-plonevezdufaou.com\/wp-content\/uploads\/2024\/10\/20160212_150510-300x180.jpg 300w, https:\/\/www.gitetigwen-plonevezdufaou.com\/wp-content\/uploads\/2024\/10\/20160212_150510-768x462.jpg 768w, https:\/\/www.gitetigwen-plonevezdufaou.com\/wp-content\/uploads\/2024\/10\/20160212_150510-1536x924.jpg 1536w, https:\/\/www.gitetigwen-plonevezdufaou.com\/wp-content\/uploads\/2024\/10\/20160212_150510.jpg 2048w\" sizes=\"auto, (max-width: 1024px) 100vw, 1024px\" \/><figcaption class=\"wp-element-caption\">La chambre 1 sous velux<\/figcaption><\/figure>\n<\/div>\n<\/div>\n\n\n\n<div class=\"wp-block-columns is-layout-flex wp-container-core-columns-is-layout-9d6595d7 wp-block-columns-is-layout-flex\">\n<div class=\"wp-block-column is-layout-flow wp-block-column-is-layout-flow\">\n<figure class=\"wp-block-image size-large\"><img loading=\"lazy\" decoding=\"async\" width=\"1024\" height=\"616\" src=\"https:\/\/www.gitetigwen-plonevezdufaou.com\/wp-content\/uploads\/2024\/10\/20160212_145126-1024x616.jpg\" alt=\"Chambre 2 avec son lit de 0,90x2 m\" class=\"wp-image-52\" srcset=\"https:\/\/www.gitetigwen-plonevezdufaou.com\/wp-content\/uploads\/2024\/10\/20160212_145126-1024x616.jpg 1024w, https:\/\/www.gitetigwen-plonevezdufaou.com\/wp-content\/uploads\/2024\/10\/20160212_145126-300x180.jpg 300w, https:\/\/www.gitetigwen-plonevezdufaou.com\/wp-content\/uploads\/2024\/10\/20160212_145126-768x462.jpg 768w, https:\/\/www.gitetigwen-plonevezdufaou.com\/wp-content\/uploads\/2024\/10\/20160212_145126-1536x924.jpg 1536w, https:\/\/www.gitetigwen-plonevezdufaou.com\/wp-content\/uploads\/2024\/10\/20160212_145126.jpg 2048w\" sizes=\"auto, (max-width: 1024px) 100vw, 1024px\" \/><figcaption class=\"wp-element-caption\">Un des lits de la chambre 2, 0,90x2m<\/figcaption><\/figure>\n<\/div>\n\n\n\n<div class=\"wp-block-column is-layout-flow wp-block-column-is-layout-flow\">\n<figure class=\"wp-block-image size-large\"><img loading=\"lazy\" decoding=\"async\" width=\"1024\" height=\"616\" src=\"https:\/\/www.gitetigwen-plonevezdufaou.com\/wp-content\/uploads\/2024\/10\/20160212_145141-1024x616.jpg\" alt=\"Deuxi\u00e8me lits de 0,90x2m\" class=\"wp-image-53\" srcset=\"https:\/\/www.gitetigwen-plonevezdufaou.com\/wp-content\/uploads\/2024\/10\/20160212_145141-1024x616.jpg 1024w, https:\/\/www.gitetigwen-plonevezdufaou.com\/wp-content\/uploads\/2024\/10\/20160212_145141-300x180.jpg 300w, https:\/\/www.gitetigwen-plonevezdufaou.com\/wp-content\/uploads\/2024\/10\/20160212_145141-768x462.jpg 768w, https:\/\/www.gitetigwen-plonevezdufaou.com\/wp-content\/uploads\/2024\/10\/20160212_145141-1536x924.jpg 1536w, https:\/\/www.gitetigwen-plonevezdufaou.com\/wp-content\/uploads\/2024\/10\/20160212_145141.jpg 2048w\" sizes=\"auto, (max-width: 1024px) 100vw, 1024px\" \/><figcaption class=\"wp-element-caption\">la chambre 2 avec son deuxi\u00e8me lit de 0,90x2m<\/figcaption><\/figure>\n<\/div>\n<\/div>\n\n\n\n<p><\/p>\n","protected":false},"excerpt":{"rendered":"","protected":false},"author":1,"featured_media":0,"parent":0,"menu_order":0,"comment_status":"closed","ping_status":"closed","template":"","meta":{"_themeisle_gutenberg_block_has_review":false,"footnotes":""},"class_list":["post-37","page","type-page","status-publish","hentry","entry"],"_links":{"self":[{"href":"https:\/\/www.gitetigwen-plonevezdufaou.com\/index.php\/wp-json\/wp\/v2\/pages\/37","targetHints":{"allow":["GET"]}}],"collection":[{"href":"https:\/\/www.gitetigwen-plonevezdufaou.com\/index.php\/wp-json\/wp\/v2\/pages"}],"about":[{"href":"https:\/\/www.gitetigwen-plonevezdufaou.com\/index.php\/wp-json\/wp\/v2\/types\/page"}],"author":[{"embeddable":true,"href":"https:\/\/www.gitetigwen-plonevezdufaou.com\/index.php\/wp-json\/wp\/v2\/users\/1"}],"replies":[{"embeddable":true,"href":"https:\/\/www.gitetigwen-plonevezdufaou.com\/index.php\/wp-json\/wp\/v2\/comments?post=37"}],"version-history":[{"count":27,"href":"https:\/\/www.gitetigwen-plonevezdufaou.com\/index.php\/wp-json\/wp\/v2\/pages\/37\/revisions"}],"predecessor-version":[{"id":206,"href":"https:\/\/www.gitetigwen-plonevezdufaou.com\/index.php\/wp-json\/wp\/v2\/pages\/37\/revisions\/206"}],"wp:attachment":[{"href":"https:\/\/www.gitetigwen-plonevezdufaou.com\/index.php\/wp-json\/wp\/v2\/media?parent=37"}],"curies":[{"name":"wp","href":"https:\/\/api.w.org\/{rel}","templated":true}]}}